{"version":"1.0","provider_name":"Actualit\u00e9s","provider_url":"https:\/\/www.peyrac.fr\/actualites","author_name":"M B","author_url":"https:\/\/www.peyrac.fr\/actualites\/author\/franck\/","title":"Le contr\u00f4le technique moto obligatoire d\u00e8s 2022 ? - Actualit\u00e9s","type":"rich","width":600,"height":338,"html":"<blockquote class=\"wp-embedded-content\"><a href=\"https:\/\/www.peyrac.fr\/actualites\/le-controle-technique-moto-obligatoire-des-2022\/\">Le contr\u00f4le technique moto  obligatoire d\u00e8s 2022 ?<\/a><\/blockquote>\n<script type='text\/javascript'>\n<!--\/\/--><![CDATA[\/\/><!--\n\t\t\/*! This file is auto-generated *\/\n\t\t!function(c,d){\"use strict\";var e=!1,n=!1;if(d.querySelector)if(c.addEventListener)e=!0;if(c.wp=c.wp||{},!c.wp.receiveEmbedMessage)if(c.wp.receiveEmbedMessage=function(e){var t=e.data;if(t)if(t.secret||t.message||t.value)if(!\/[^a-zA-Z0-9]\/.test(t.secret)){for(var r,a,i,s=d.querySelectorAll('iframe[data-secret=\"'+t.secret+'\"]'),n=d.querySelectorAll('blockquote[data-secret=\"'+t.secret+'\"]'),o=0;o<n.length;o++)n[o].style.display=\"none\";for(o=0;o<s.length;o++)if(r=s[o],e.source===r.contentWindow){if(r.removeAttribute(\"style\"),\"height\"===t.message){if(1e3<(i=parseInt(t.value,10)))i=1e3;else if(~~i<200)i=200;r.height=i}if(\"link\"===t.message)if(a=d.createElement(\"a\"),i=d.createElement(\"a\"),a.href=r.getAttribute(\"src\"),i.href=t.value,i.host===a.host)if(d.activeElement===r)c.top.location.href=t.value}}},e)c.addEventListener(\"message\",c.wp.receiveEmbedMessage,!1),d.addEventListener(\"DOMContentLoaded\",t,!1),c.addEventListener(\"load\",t,!1);function t(){if(!n){n=!0;for(var e,t,r=-1!==navigator.appVersion.indexOf(\"MSIE 10\"),a=!!navigator.userAgent.match(\/Trident.*rv:11\\.\/),i=d.querySelectorAll(\"iframe.wp-embedded-content\"),s=0;s<i.length;s++){if(!(e=i[s]).getAttribute(\"data-secret\"))t=Math.random().toString(36).substr(2,10),e.src+=\"#?secret=\"+t,e.setAttribute(\"data-secret\",t);if(r||a)(t=e.cloneNode(!0)).removeAttribute(\"security\"),e.parentNode.replaceChild(t,e)}}}}(window,document);\n\/\/--><!]]>\n<\/script><iframe sandbox=\"allow-scripts\" security=\"restricted\" src=\"https:\/\/www.peyrac.fr\/actualites\/le-controle-technique-moto-obligatoire-des-2022\/embed\/\" width=\"600\" height=\"338\" title=\"\u00ab\u00a0Le contr\u00f4le technique moto  obligatoire d\u00e8s 2022 ?\u00a0\u00bb &#8212; Actualit\u00e9s\" frameborder=\"0\" marginwidth=\"0\" marginheight=\"0\" scrolling=\"no\" class=\"wp-embedded-content\"><\/iframe>","description":"Le comit\u00e9 Transport et Tourisme du Parlement europ\u00e9en vient de solliciter la Commission Europ\u00e9enne afin que les deux et trois-roues motoris\u00e9s soient \u00e9galement soumis au Contr\u00f4le Technique d\u2019ici 2022. Les membres du Comit\u00e9 ayant vot\u00e9 majoritairement pour,\u00a0le Texte de Loi devrait \u00eatre pr\u00e9sent\u00e9 \u00e0 la Commission Europ\u00e9enne qui se chargera ensuite de d\u00e9finir les diff\u00e9rentes modalit\u00e9s avant sa mise en place. Le principal argument invoqu\u00e9 est \u00e9videmment la s\u00e9curit\u00e9 des usagers. Pour justifier leurs pr\u00e9conisations, La Commission souligne le fait...Lire la suite Lire la suite","thumbnail_url":"https:\/\/www.peyrac.fr\/actualites\/wp-content\/uploads\/2021\/03\/319981.jpg"}