{"version":"1.0","provider_name":"Actualit\u00e9s","provider_url":"https:\/\/www.peyrac.fr\/actualites","author_name":"M B","author_url":"https:\/\/www.peyrac.fr\/actualites\/author\/franck\/","title":"Le deux-roues motoris\u00e9 : l\u2019essayer c\u2019est l\u2019adopter ! - Actualit\u00e9s","type":"rich","width":600,"height":338,"html":"<blockquote class=\"wp-embedded-content\"><a href=\"https:\/\/www.peyrac.fr\/actualites\/le-deux-roues-motorise-lessayer-cest-ladopter\/\">Le deux-roues motoris\u00e9 : l\u2019essayer c\u2019est l\u2019adopter !<\/a><\/blockquote>\n<script type='text\/javascript'>\n<!--\/\/--><![CDATA[\/\/><!--\n\t\t\/*! This file is auto-generated *\/\n\t\t!function(c,d){\"use strict\";var e=!1,n=!1;if(d.querySelector)if(c.addEventListener)e=!0;if(c.wp=c.wp||{},!c.wp.receiveEmbedMessage)if(c.wp.receiveEmbedMessage=function(e){var t=e.data;if(t)if(t.secret||t.message||t.value)if(!\/[^a-zA-Z0-9]\/.test(t.secret)){for(var r,a,i,s=d.querySelectorAll('iframe[data-secret=\"'+t.secret+'\"]'),n=d.querySelectorAll('blockquote[data-secret=\"'+t.secret+'\"]'),o=0;o<n.length;o++)n[o].style.display=\"none\";for(o=0;o<s.length;o++)if(r=s[o],e.source===r.contentWindow){if(r.removeAttribute(\"style\"),\"height\"===t.message){if(1e3<(i=parseInt(t.value,10)))i=1e3;else if(~~i<200)i=200;r.height=i}if(\"link\"===t.message)if(a=d.createElement(\"a\"),i=d.createElement(\"a\"),a.href=r.getAttribute(\"src\"),i.href=t.value,i.host===a.host)if(d.activeElement===r)c.top.location.href=t.value}}},e)c.addEventListener(\"message\",c.wp.receiveEmbedMessage,!1),d.addEventListener(\"DOMContentLoaded\",t,!1),c.addEventListener(\"load\",t,!1);function t(){if(!n){n=!0;for(var e,t,r=-1!==navigator.appVersion.indexOf(\"MSIE 10\"),a=!!navigator.userAgent.match(\/Trident.*rv:11\\.\/),i=d.querySelectorAll(\"iframe.wp-embedded-content\"),s=0;s<i.length;s++){if(!(e=i[s]).getAttribute(\"data-secret\"))t=Math.random().toString(36).substr(2,10),e.src+=\"#?secret=\"+t,e.setAttribute(\"data-secret\",t);if(r||a)(t=e.cloneNode(!0)).removeAttribute(\"security\"),e.parentNode.replaceChild(t,e)}}}}(window,document);\n\/\/--><!]]>\n<\/script><iframe sandbox=\"allow-scripts\" security=\"restricted\" src=\"https:\/\/www.peyrac.fr\/actualites\/le-deux-roues-motorise-lessayer-cest-ladopter\/embed\/\" width=\"600\" height=\"338\" title=\"\u00ab\u00a0Le deux-roues motoris\u00e9 : l\u2019essayer c\u2019est l\u2019adopter !\u00a0\u00bb &#8212; Actualit\u00e9s\" frameborder=\"0\" marginwidth=\"0\" marginheight=\"0\" scrolling=\"no\" class=\"wp-embedded-content\"><\/iframe>","description":"Le 11 mai marque le d\u00e9but de la reprise d\u2019activit\u00e9 pour beaucoup d\u2019entre nous. Les transports devraient fonctionner mais pas de fa\u00e7on optimale, comme l\u2019on constat\u00e9 de nombreux usagers. Les dirigeants de la RATP et de la SNCF ont annonc\u00e9 qu&rsquo;ils ne pourraient assurer qu&rsquo;\u00e0 60% la circulation des trains, RER ou bus, compte tenu des contraintes de limitation de si\u00e8ges, de distanciation ou du manque de personnel disponible. Le nombre de places assises sera n\u00e9cessairement r\u00e9duit. La ville de...Lire la suite Lire la suite","thumbnail_url":"https:\/\/www.peyrac.fr\/actualites\/wp-content\/uploads\/2020\/05\/Marche20Mars202018.jpg"}