{"version":"1.0","provider_name":"Actualit\u00e9s","provider_url":"https:\/\/www.peyrac.fr\/actualites","author_name":"M B","author_url":"https:\/\/www.peyrac.fr\/actualites\/author\/franck\/","title":"Paris accentue sa lutte anti-bruit - Actualit\u00e9s","type":"rich","width":600,"height":338,"html":"<blockquote class=\"wp-embedded-content\"><a href=\"https:\/\/www.peyrac.fr\/actualites\/paris-accentue-sa-lutte-anti-bruit\/\">Paris accentue sa lutte anti-bruit<\/a><\/blockquote>\n<script type='text\/javascript'>\n<!--\/\/--><![CDATA[\/\/><!--\n\t\t\/*! This file is auto-generated *\/\n\t\t!function(c,d){\"use strict\";var e=!1,n=!1;if(d.querySelector)if(c.addEventListener)e=!0;if(c.wp=c.wp||{},!c.wp.receiveEmbedMessage)if(c.wp.receiveEmbedMessage=function(e){var t=e.data;if(t)if(t.secret||t.message||t.value)if(!\/[^a-zA-Z0-9]\/.test(t.secret)){for(var r,a,i,s=d.querySelectorAll('iframe[data-secret=\"'+t.secret+'\"]'),n=d.querySelectorAll('blockquote[data-secret=\"'+t.secret+'\"]'),o=0;o<n.length;o++)n[o].style.display=\"none\";for(o=0;o<s.length;o++)if(r=s[o],e.source===r.contentWindow){if(r.removeAttribute(\"style\"),\"height\"===t.message){if(1e3<(i=parseInt(t.value,10)))i=1e3;else if(~~i<200)i=200;r.height=i}if(\"link\"===t.message)if(a=d.createElement(\"a\"),i=d.createElement(\"a\"),a.href=r.getAttribute(\"src\"),i.href=t.value,i.host===a.host)if(d.activeElement===r)c.top.location.href=t.value}}},e)c.addEventListener(\"message\",c.wp.receiveEmbedMessage,!1),d.addEventListener(\"DOMContentLoaded\",t,!1),c.addEventListener(\"load\",t,!1);function t(){if(!n){n=!0;for(var e,t,r=-1!==navigator.appVersion.indexOf(\"MSIE 10\"),a=!!navigator.userAgent.match(\/Trident.*rv:11\\.\/),i=d.querySelectorAll(\"iframe.wp-embedded-content\"),s=0;s<i.length;s++){if(!(e=i[s]).getAttribute(\"data-secret\"))t=Math.random().toString(36).substr(2,10),e.src+=\"#?secret=\"+t,e.setAttribute(\"data-secret\",t);if(r||a)(t=e.cloneNode(!0)).removeAttribute(\"security\"),e.parentNode.replaceChild(t,e)}}}}(window,document);\n\/\/--><!]]>\n<\/script><iframe sandbox=\"allow-scripts\" security=\"restricted\" src=\"https:\/\/www.peyrac.fr\/actualites\/paris-accentue-sa-lutte-anti-bruit\/embed\/\" width=\"600\" height=\"338\" title=\"\u00ab\u00a0Paris accentue sa lutte anti-bruit\u00a0\u00bb &#8212; Actualit\u00e9s\" frameborder=\"0\" marginwidth=\"0\" marginheight=\"0\" scrolling=\"no\" class=\"wp-embedded-content\"><\/iframe>","description":"Depuis quelques ann\u00e9es\u00a0la France lutte pour r\u00e9duire les bruits li\u00e9s \u00e0 la circulation. Elle s&rsquo;est intensifi\u00e9e notamment depuis le d\u00e9but de l&rsquo;\u00e9t\u00e9 avec la mise en place d&rsquo;un amendement ayant pour objectif de tester le contr\u00f4le des \u00e9missions sonores. Elle se concr\u00e9tise par l\u2019installation du premier radar anti-bruit dans le d\u00e9partement des Yvelines. Ce sujet est \u00e9galement au c\u0153ur des pr\u00e9occupations de la mairie de Paris. Les effets de la pollution sonore sont particuli\u00e8rement n\u00e9fastes pour la population, plus particuli\u00e8rement...Lire la suite Lire la suite","thumbnail_url":"https:\/\/www.homme-ideal.com\/wp-content\/uploads\/2015\/10\/sc-project.jpg"}