{"version":"1.0","provider_name":"Actualit\u00e9s","provider_url":"https:\/\/www.peyrac.fr\/actualites","author_name":"M B","author_url":"https:\/\/www.peyrac.fr\/actualites\/author\/franck\/","title":"Radar Crit'Air et stationnement moto payant \u00e0 Paris - Actualit\u00e9s","type":"rich","width":600,"height":338,"html":"<blockquote class=\"wp-embedded-content\"><a href=\"https:\/\/www.peyrac.fr\/actualites\/radar-critair-et-stationnement-moto-payant-a-paris\/\">Radar Crit&rsquo;Air et stationnement moto payant \u00e0 Paris<\/a><\/blockquote>\n<script type='text\/javascript'>\n<!--\/\/--><![CDATA[\/\/><!--\n\t\t\/*! This file is auto-generated *\/\n\t\t!function(c,d){\"use strict\";var e=!1,n=!1;if(d.querySelector)if(c.addEventListener)e=!0;if(c.wp=c.wp||{},!c.wp.receiveEmbedMessage)if(c.wp.receiveEmbedMessage=function(e){var t=e.data;if(t)if(t.secret||t.message||t.value)if(!\/[^a-zA-Z0-9]\/.test(t.secret)){for(var r,a,i,s=d.querySelectorAll('iframe[data-secret=\"'+t.secret+'\"]'),n=d.querySelectorAll('blockquote[data-secret=\"'+t.secret+'\"]'),o=0;o<n.length;o++)n[o].style.display=\"none\";for(o=0;o<s.length;o++)if(r=s[o],e.source===r.contentWindow){if(r.removeAttribute(\"style\"),\"height\"===t.message){if(1e3<(i=parseInt(t.value,10)))i=1e3;else if(~~i<200)i=200;r.height=i}if(\"link\"===t.message)if(a=d.createElement(\"a\"),i=d.createElement(\"a\"),a.href=r.getAttribute(\"src\"),i.href=t.value,i.host===a.host)if(d.activeElement===r)c.top.location.href=t.value}}},e)c.addEventListener(\"message\",c.wp.receiveEmbedMessage,!1),d.addEventListener(\"DOMContentLoaded\",t,!1),c.addEventListener(\"load\",t,!1);function t(){if(!n){n=!0;for(var e,t,r=-1!==navigator.appVersion.indexOf(\"MSIE 10\"),a=!!navigator.userAgent.match(\/Trident.*rv:11\\.\/),i=d.querySelectorAll(\"iframe.wp-embedded-content\"),s=0;s<i.length;s++){if(!(e=i[s]).getAttribute(\"data-secret\"))t=Math.random().toString(36).substr(2,10),e.src+=\"#?secret=\"+t,e.setAttribute(\"data-secret\",t);if(r||a)(t=e.cloneNode(!0)).removeAttribute(\"security\"),e.parentNode.replaceChild(t,e)}}}}(window,document);\n\/\/--><!]]>\n<\/script><iframe sandbox=\"allow-scripts\" security=\"restricted\" src=\"https:\/\/www.peyrac.fr\/actualites\/radar-critair-et-stationnement-moto-payant-a-paris\/embed\/\" width=\"600\" height=\"338\" title=\"\u00ab\u00a0Radar Crit&rsquo;Air et stationnement moto payant \u00e0 Paris\u00a0\u00bb &#8212; Actualit\u00e9s\" frameborder=\"0\" marginwidth=\"0\" marginheight=\"0\" scrolling=\"no\" class=\"wp-embedded-content\"><\/iframe>","description":"Depuis maintenant plusieurs ann\u00e9es, Paris m\u00e8ne une politique destin\u00e9e \u00e0 fortement diminuer la circulation des v\u00e9hicules motoris\u00e9s dans la capitale avec comme objectif premier de favoriser l\u2019usage des mobilit\u00e9s dites \u00abdouce\u00bb et d&rsquo;accorder plus de place aux pi\u00e9tons. De nombreuses mesures sont en pr\u00e9paration et celles-ci pourraient m\u00eame s\u2019appliquer plus rapidement que pr\u00e9vu. Cela fait quelques mois que le sujet du stationnement des deux-roues motoris\u00e9s est au c\u0153ur des pr\u00e9occupations de la Mairie de Paris. Bien que durant son pr\u00e9c\u00e9dent...Lire la suite Lire la suite","thumbnail_url":"https:\/\/i2.wp.com\/www.peyrac.fr\/actualites\/wp-content\/uploads\/2020\/09\/arton34464.jpg?fit=640%2C427&amp;ssl=1"}